{"id":17361,"date":"2022-08-23T14:42:16","date_gmt":"2022-08-23T12:42:16","guid":{"rendered":"https:\/\/unsere-apo.de\/bize-ulasin\/"},"modified":"2025-09-12T14:38:56","modified_gmt":"2025-09-12T12:38:56","slug":"bize-ulasin","status":"publish","type":"page","link":"https:\/\/unsere-apo.de\/tr\/bize-ulasin\/","title":{"rendered":"Bize ula\u015f\u0131n"},"content":{"rendered":"\t\t<div data-elementor-type=\"wp-page\" data-elementor-id=\"17361\" class=\"elementor elementor-17361 elementor-8\" data-elementor-post-type=\"page\">\n\t\t\t\t<div class=\"elementor-element elementor-element-c5f85a1 hexagon-hero e-flex e-con-boxed e-con e-parent\" data-id=\"c5f85a1\" data-element_type=\"container\" data-e-type=\"container\" data-settings=\"{&quot;background_background&quot;:&quot;classic&quot;}\">\n\t\t\t\t\t<div class=\"e-con-inner\">\n\t\t<div class=\"elementor-element elementor-element-f84d8f7 e-con-full hexagon-hero_inner white-text animated-slow e-flex elementor-invisible e-con e-child\" data-id=\"f84d8f7\" data-element_type=\"container\" data-e-type=\"container\" data-settings=\"{&quot;background_background&quot;:&quot;video&quot;,&quot;animation&quot;:&quot;fadeIn&quot;,&quot;animation_delay&quot;:500}\">\n\t\t\t\t<div class=\"elementor-element elementor-element-fb338b2 elementor-widget elementor-widget-heading\" data-id=\"fb338b2\" data-element_type=\"widget\" data-e-type=\"widget\" data-widget_type=\"heading.default\">\n\t\t\t\t\t<h1 class=\"elementor-heading-title elementor-size-default\">Sizin i\u00e7in buraday\u0131z<\/h1>\t\t\t\t<\/div>\n\t\t\t\t<div class=\"elementor-element elementor-element-a242c6a elementor-widget elementor-widget-text-editor\" data-id=\"a242c6a\" data-element_type=\"widget\" data-e-type=\"widget\" data-widget_type=\"text-editor.default\">\n\t\t\t\t\t\t\t\t\t<p>L\u00fctfen bizimle telefon veya e-posta yoluyla ileti\u015fime ge\u00e7mekten \u00e7ekinmeyin. Sizin ve sa\u011fl\u0131\u011f\u0131n\u0131z i\u00e7in her zaman yan\u0131n\u0131zday\u0131z! <\/p>\t\t\t\t\t\t\t\t<\/div>\n\t\t\t\t<\/div>\n\t\t\t\t\t<\/div>\n\t\t\t\t<\/div>\n\t\t<div class=\"elementor-element elementor-element-30bebd6 e-flex e-con-boxed e-con e-parent\" data-id=\"30bebd6\" data-element_type=\"container\" data-e-type=\"container\" data-settings=\"{&quot;background_background&quot;:&quot;classic&quot;}\">\n\t\t\t\t\t<div class=\"e-con-inner\">\n\t\t\t\t<div class=\"elementor-element elementor-element-e211b49 elementor-widget elementor-widget-heading\" data-id=\"e211b49\" data-element_type=\"widget\" data-e-type=\"widget\" data-widget_type=\"heading.default\">\n\t\t\t\t\t<h2 class=\"elementor-heading-title elementor-size-default\">Bizimle konu\u015fun - size yard\u0131mc\u0131 olabiliriz<\/h2>\t\t\t\t<\/div>\n\t\t\t\t<div class=\"elementor-element elementor-element-86b79ca elementor-widget elementor-widget-text-editor\" data-id=\"86b79ca\" data-element_type=\"widget\" data-e-type=\"widget\" data-widget_type=\"text-editor.default\">\n\t\t\t\t\t\t\t\t\t<p>Herhangi bir sorunuz mu var, tavsiyeye mi ihtiyac\u0131n\u0131z var veya bir \u015fey i\u00e7in \u00f6n sipari\u015f mi vermek istiyorsunuz? \u0130ster telefonla, ister e-postayla veya do\u011frudan yerinde &#8211; sorun de\u011fil! <\/p><p>Burada \u015fubelerimizin ileti\u015fim bilgilerini ve \u00e7al\u0131\u015fma saatlerini bulabilirsiniz. Sizden haber bekliyoruz.   <\/p>\t\t\t\t\t\t\t\t<\/div>\n\t\t\t\t\t<\/div>\n\t\t\t\t<\/div>\n\t\t<div class=\"elementor-element elementor-element-ebcae71 e-flex e-con-boxed e-con e-parent\" data-id=\"ebcae71\" data-element_type=\"container\" data-e-type=\"container\">\n\t\t\t\t\t<div class=\"e-con-inner\">\n\t\t<div class=\"elementor-element elementor-element-939e3e4 e-con-full e-flex e-con e-child\" data-id=\"939e3e4\" data-element_type=\"container\" data-e-type=\"container\">\n\t\t\t\t<div class=\"elementor-element elementor-element-90252bd elementor-widget elementor-widget-heading\" data-id=\"90252bd\" data-element_type=\"widget\" data-e-type=\"widget\" data-widget_type=\"heading.default\">\n\t\t\t\t\t<h3 class=\"elementor-heading-title elementor-size-default\">Schyren-Apotheke Pfaffenhofen an der Ilm<\/h3>\t\t\t\t<\/div>\n\t\t\t\t<div class=\"elementor-element elementor-element-90dc452 elementor-widget elementor-widget-text-editor\" data-id=\"90dc452\" data-element_type=\"widget\" data-e-type=\"widget\" data-widget_type=\"text-editor.default\">\n\t\t\t\t\t\t\t\t\t<p>Adolf-Rebl-Str. 40<br>85276 Pfaffenhofen <\/p><p>Telefon: (08441) 408460<br>Faks: (08441) 4084629<br>E-posta: <a href=\"mailto:pfaffenhofen@unsere-apo.de\">pfaffenhofen@unsere-apo.de<\/a><\/p>\t\t\t\t\t\t\t\t<\/div>\n\t\t\t\t<div class=\"elementor-element elementor-element-327c126 elementor-button-info button-secondary elementor-widget elementor-widget-button\" data-id=\"327c126\" data-element_type=\"widget\" data-e-type=\"widget\" data-widget_type=\"button.default\">\n\t\t\t\t\t\t\t\t\t\t<a class=\"elementor-button elementor-button-link elementor-size-sm\" href=\"https:\/\/unsere-apo.de\/tr\/schyren-apotheke-in-pfaffenhofen\/\">\n\t\t\t\t\t\t<span class=\"elementor-button-content-wrapper\">\n\t\t\t\t\t\t<span class=\"elementor-button-icon\">\n\t\t\t\t<svg xmlns=\"http:\/\/www.w3.org\/2000\/svg\" id=\"Ebene_1\" data-name=\"Ebene 1\" viewBox=\"0 0 13.8 18\"><path d=\"M6.58,18c-.21,0-.43-.07-.61-.21-.44-.34-.51-.97-.17-1.4l5.74-7.38L5.79,1.61c-.34-.44-.26-1.06.18-1.4.44-.34,1.06-.26,1.4.18l6.22,8c.28.36.28.87,0,1.23l-6.22,8c-.2.25-.49.39-.79.39Z\"><\/path><path d=\"M1,18c-.21,0-.43-.07-.61-.21-.44-.34-.51-.97-.17-1.4l5.74-7.38L.21,1.61C-.13,1.18-.05.55.39.21.82-.13,1.45-.05,1.79.39l6.22,8c.28.36.28.87,0,1.23l-6.22,8c-.2.25-.49.39-.79.39Z\"><\/path><\/svg>\t\t\t<\/span>\n\t\t\t\t\t\t\t\t\t<span class=\"elementor-button-text\">Daha fazla bilgi<\/span>\n\t\t\t\t\t<\/span>\n\t\t\t\t\t<\/a>\n\t\t\t\t\t\t\t\t<\/div>\n\t\t\t\t<div class=\"elementor-element elementor-element-29d188d elementor-button-info elementor-widget elementor-widget-button\" data-id=\"29d188d\" data-element_type=\"widget\" data-e-type=\"widget\" data-widget_type=\"button.default\">\n\t\t\t\t\t\t\t\t\t\t<a class=\"elementor-button elementor-button-link elementor-size-sm\" href=\"https:\/\/www.google.com\/maps\/place\/Schyren+Apotheke\/@48.5221782,11.4931872,17z\/data=!3m2!4b1!5s0x479e5c20a4e6b8a1:0x8f647fab1b42e4a7!4m6!3m5!1s0x479e5c20baba30ff:0x31466895e6d87870!8m2!3d48.5221782!4d11.4957675!16s%2Fg%2F1tgf265w?entry=ttu&#038;g_ep=EgoyMDI1MDcxNS4xIKXMDSoASAFQAw%3D%3D\">\n\t\t\t\t\t\t<span class=\"elementor-button-content-wrapper\">\n\t\t\t\t\t\t<span class=\"elementor-button-icon\">\n\t\t\t\t<svg xmlns=\"http:\/\/www.w3.org\/2000\/svg\" id=\"Capa_1\" height=\"512\" viewBox=\"0 0 512 512\" width=\"512\"><g><path d=\"m421.181 93.611-225.181 60 60 358.389 153.718-203.621c24.341-32.239 38.782-72.37 38.782-115.879 0-36.16-9.979-69.985-27.319-98.889z\" fill=\"#0f9d58\"><\/path><path d=\"m181.016 412.674 74.984 99.326v-198.943z\" fill=\"#31aa52\"><\/path><path d=\"m256 313.057 57.926-76.955-57.926-43.602-60 60.278z\" fill=\"#f69411\"><\/path><path d=\"m256 0-60 65.969 60 65.969 49.338-125.545c-15.748-4.164-32.282-6.393-49.338-6.393z\" fill=\"#4175df\"><\/path><path d=\"m102.198 76.73v115.77h153.802v-192.5c-62.856 0-118.669 30.13-153.802 76.73z\" fill=\"#4086f4\"><\/path><path d=\"m102.198 76.73c-24.291 32.22-38.698 72.311-38.698 115.77 0 36.158 9.981 69.979 27.322 98.88l137.25-119.902z\" fill=\"#eb4132\"><\/path><path d=\"m305.338 6.393-49.338 65.546-72.5 164.163h130.426l107.255-142.49c-25.465-42.444-66.82-74.257-115.843-87.219z\" fill=\"#4086f4\"><\/path><path d=\"m256 71.939-57.928 76.958 57.928 43.603z\" fill=\"#609af6\"><\/path><path d=\"m196 192.5 60 120.557 57.926-76.955z\" fill=\"#f8a808\"><\/path><path d=\"m198.072 148.897-107.25 142.483c3.525 5.875 7.347 11.552 11.46 16.998l78.734 104.295 74.984-99.616v-120.557z\" fill=\"#fbbd00\"><\/path><path d=\"m256 120-36.25 72.5 36.25 72.5c40.041 0 72.5-32.459 72.5-72.5s-32.459-72.5-72.5-72.5z\" fill=\"#e3e7ea\"><\/path><path d=\"m183.5 192.5c0 40.041 32.459 72.5 72.5 72.5v-145c-40.041 0-72.5 32.459-72.5 72.5z\" fill=\"#fff\"><\/path><\/g><\/svg>\t\t\t<\/span>\n\t\t\t\t\t\t\t\t\t<span class=\"elementor-button-text\">Google Haritalar'daki rota planlay\u0131c\u0131s\u0131na<\/span>\n\t\t\t\t\t<\/span>\n\t\t\t\t\t<\/a>\n\t\t\t\t\t\t\t\t<\/div>\n\t\t\t\t<\/div>\n\t\t<div class=\"elementor-element elementor-element-a1fcee0 e-con-full e-flex e-con e-child\" data-id=\"a1fcee0\" data-element_type=\"container\" data-e-type=\"container\" data-settings=\"{&quot;background_background&quot;:&quot;classic&quot;}\">\n\t\t<div class=\"elementor-element elementor-element-dd4f0e6 e-con-full hexagon hexagon-image e-flex e-con e-child\" data-id=\"dd4f0e6\" data-element_type=\"container\" data-e-type=\"container\" data-settings=\"{&quot;background_background&quot;:&quot;classic&quot;}\">\n\t\t\t\t<div class=\"elementor-element elementor-element-43d4c54 image-object-fit elementor-widget elementor-widget-image\" data-id=\"43d4c54\" data-element_type=\"widget\" data-e-type=\"widget\" data-widget_type=\"image.default\">\n\t\t\t\t\t\t\t\t\t\t\t\t\t\t\t<img fetchpriority=\"high\" decoding=\"async\" width=\"800\" height=\"534\" src=\"https:\/\/unsere-apo.de\/wp-content\/uploads\/2019\/11\/schyren-apotheke-pfaffenhofen-1024x683.jpg\" class=\"attachment-large size-large wp-image-16700\" alt=\"Schyren Apotheke Pfaffenhofen\" srcset=\"https:\/\/unsere-apo.de\/wp-content\/uploads\/2019\/11\/schyren-apotheke-pfaffenhofen-1024x683.jpg 1024w, https:\/\/unsere-apo.de\/wp-content\/uploads\/2019\/11\/schyren-apotheke-pfaffenhofen-300x200.jpg 300w, https:\/\/unsere-apo.de\/wp-content\/uploads\/2019\/11\/schyren-apotheke-pfaffenhofen-768x512.jpg 768w, https:\/\/unsere-apo.de\/wp-content\/uploads\/2019\/11\/schyren-apotheke-pfaffenhofen-1536x1024.jpg 1536w, https:\/\/unsere-apo.de\/wp-content\/uploads\/2019\/11\/schyren-apotheke-pfaffenhofen.jpg 1920w\" sizes=\"(max-width: 800px) 100vw, 800px\" \/>\t\t\t\t\t\t\t\t\t\t\t\t\t\t\t<\/div>\n\t\t\t\t<\/div>\n\t\t\t\t<\/div>\n\t\t\t\t\t<\/div>\n\t\t\t\t<\/div>\n\t\t<div class=\"elementor-element elementor-element-12534b1 e-flex e-con-boxed e-con e-parent\" data-id=\"12534b1\" data-element_type=\"container\" data-e-type=\"container\">\n\t\t\t\t\t<div class=\"e-con-inner\">\n\t\t<div class=\"elementor-element elementor-element-58c90e4 e-con-full e-flex e-con e-child\" data-id=\"58c90e4\" data-element_type=\"container\" data-e-type=\"container\" data-settings=\"{&quot;background_background&quot;:&quot;classic&quot;}\">\n\t\t<div class=\"elementor-element elementor-element-2d58d7b e-con-full hexagon hexagon-image e-flex e-con e-child\" data-id=\"2d58d7b\" data-element_type=\"container\" data-e-type=\"container\" data-settings=\"{&quot;background_background&quot;:&quot;classic&quot;}\">\n\t\t\t\t<div class=\"elementor-element elementor-element-27fab7f image-object-fit elementor-widget elementor-widget-image\" data-id=\"27fab7f\" data-element_type=\"widget\" data-e-type=\"widget\" data-widget_type=\"image.default\">\n\t\t\t\t\t\t\t\t\t\t\t\t\t\t\t<img decoding=\"async\" width=\"800\" height=\"534\" src=\"https:\/\/unsere-apo.de\/wp-content\/uploads\/2019\/11\/apotheke-am-schloss-jetzendorf-1024x683.jpg\" class=\"attachment-large size-large wp-image-16703\" alt=\"Apotheke am Schloss Jetzendorf\" srcset=\"https:\/\/unsere-apo.de\/wp-content\/uploads\/2019\/11\/apotheke-am-schloss-jetzendorf-1024x683.jpg 1024w, https:\/\/unsere-apo.de\/wp-content\/uploads\/2019\/11\/apotheke-am-schloss-jetzendorf-300x200.jpg 300w, https:\/\/unsere-apo.de\/wp-content\/uploads\/2019\/11\/apotheke-am-schloss-jetzendorf-768x512.jpg 768w, https:\/\/unsere-apo.de\/wp-content\/uploads\/2019\/11\/apotheke-am-schloss-jetzendorf-1536x1024.jpg 1536w, https:\/\/unsere-apo.de\/wp-content\/uploads\/2019\/11\/apotheke-am-schloss-jetzendorf.jpg 1920w\" sizes=\"(max-width: 800px) 100vw, 800px\" \/>\t\t\t\t\t\t\t\t\t\t\t\t\t\t\t<\/div>\n\t\t\t\t<\/div>\n\t\t\t\t<\/div>\n\t\t<div class=\"elementor-element elementor-element-5abb149 e-con-full e-flex e-con e-child\" data-id=\"5abb149\" data-element_type=\"container\" data-e-type=\"container\">\n\t\t\t\t<div class=\"elementor-element elementor-element-c861afb elementor-widget elementor-widget-heading\" data-id=\"c861afb\" data-element_type=\"widget\" data-e-type=\"widget\" data-widget_type=\"heading.default\">\n\t\t\t\t\t<h3 class=\"elementor-heading-title elementor-size-default\">Apotheke am Schlo\u00df e.K.<\/h3>\t\t\t\t<\/div>\n\t\t\t\t<div class=\"elementor-element elementor-element-f4c538c elementor-widget elementor-widget-text-editor\" data-id=\"f4c538c\" data-element_type=\"widget\" data-e-type=\"widget\" data-widget_type=\"text-editor.default\">\n\t\t\t\t\t\t\t\t\t<p class=\"fusion-responsive-typography-calculated\" data-fontsize=\"30\" data-lineheight=\"45px\">Schulstr. 1<br>85305 Jetzendorf<\/p><p>Telefon: (08137) 5782<br>Faks: (08137) 2150<br>E-posta: <a href=\"mailto:jetzendorf@unsere-apo.de\">jetzendorf@unsere-apo.de<\/a><\/p>\t\t\t\t\t\t\t\t<\/div>\n\t\t\t\t<div class=\"elementor-element elementor-element-8a5b0f6 elementor-button-info button-secondary elementor-widget elementor-widget-button\" data-id=\"8a5b0f6\" data-element_type=\"widget\" data-e-type=\"widget\" data-widget_type=\"button.default\">\n\t\t\t\t\t\t\t\t\t\t<a class=\"elementor-button elementor-button-link elementor-size-sm\" href=\"https:\/\/unsere-apo.de\/tr\/apotheke-am-schloss-in-jetzendorf\/\">\n\t\t\t\t\t\t<span class=\"elementor-button-content-wrapper\">\n\t\t\t\t\t\t<span class=\"elementor-button-icon\">\n\t\t\t\t<svg xmlns=\"http:\/\/www.w3.org\/2000\/svg\" id=\"Ebene_1\" data-name=\"Ebene 1\" viewBox=\"0 0 13.8 18\"><path d=\"M6.58,18c-.21,0-.43-.07-.61-.21-.44-.34-.51-.97-.17-1.4l5.74-7.38L5.79,1.61c-.34-.44-.26-1.06.18-1.4.44-.34,1.06-.26,1.4.18l6.22,8c.28.36.28.87,0,1.23l-6.22,8c-.2.25-.49.39-.79.39Z\"><\/path><path d=\"M1,18c-.21,0-.43-.07-.61-.21-.44-.34-.51-.97-.17-1.4l5.74-7.38L.21,1.61C-.13,1.18-.05.55.39.21.82-.13,1.45-.05,1.79.39l6.22,8c.28.36.28.87,0,1.23l-6.22,8c-.2.25-.49.39-.79.39Z\"><\/path><\/svg>\t\t\t<\/span>\n\t\t\t\t\t\t\t\t\t<span class=\"elementor-button-text\">Daha fazla bilgi<\/span>\n\t\t\t\t\t<\/span>\n\t\t\t\t\t<\/a>\n\t\t\t\t\t\t\t\t<\/div>\n\t\t\t\t<div class=\"elementor-element elementor-element-05d3356 elementor-button-info elementor-widget elementor-widget-button\" data-id=\"05d3356\" data-element_type=\"widget\" data-e-type=\"widget\" data-widget_type=\"button.default\">\n\t\t\t\t\t\t\t\t\t\t<a class=\"elementor-button elementor-button-link elementor-size-sm\" href=\"https:\/\/www.google.com\/maps\/place\/Apotheke+am+Schlo%C3%9F\/@48.4345939,11.4152676,17z\/data=!3m1!4b1!4m6!3m5!1s0x479e60fd3e111f37:0xf11feff2ada5f889!8m2!3d48.4345939!4d11.4178479!16s%2Fg%2F1tdfgpb5?entry=ttu&#038;g_ep=EgoyMDI1MDcxNS4xIKXMDSoASAFQAw%3D%3D\">\n\t\t\t\t\t\t<span class=\"elementor-button-content-wrapper\">\n\t\t\t\t\t\t<span class=\"elementor-button-icon\">\n\t\t\t\t<svg xmlns=\"http:\/\/www.w3.org\/2000\/svg\" id=\"Capa_1\" height=\"512\" viewBox=\"0 0 512 512\" width=\"512\"><g><path d=\"m421.181 93.611-225.181 60 60 358.389 153.718-203.621c24.341-32.239 38.782-72.37 38.782-115.879 0-36.16-9.979-69.985-27.319-98.889z\" fill=\"#0f9d58\"><\/path><path d=\"m181.016 412.674 74.984 99.326v-198.943z\" fill=\"#31aa52\"><\/path><path d=\"m256 313.057 57.926-76.955-57.926-43.602-60 60.278z\" fill=\"#f69411\"><\/path><path d=\"m256 0-60 65.969 60 65.969 49.338-125.545c-15.748-4.164-32.282-6.393-49.338-6.393z\" fill=\"#4175df\"><\/path><path d=\"m102.198 76.73v115.77h153.802v-192.5c-62.856 0-118.669 30.13-153.802 76.73z\" fill=\"#4086f4\"><\/path><path d=\"m102.198 76.73c-24.291 32.22-38.698 72.311-38.698 115.77 0 36.158 9.981 69.979 27.322 98.88l137.25-119.902z\" fill=\"#eb4132\"><\/path><path d=\"m305.338 6.393-49.338 65.546-72.5 164.163h130.426l107.255-142.49c-25.465-42.444-66.82-74.257-115.843-87.219z\" fill=\"#4086f4\"><\/path><path d=\"m256 71.939-57.928 76.958 57.928 43.603z\" fill=\"#609af6\"><\/path><path d=\"m196 192.5 60 120.557 57.926-76.955z\" fill=\"#f8a808\"><\/path><path d=\"m198.072 148.897-107.25 142.483c3.525 5.875 7.347 11.552 11.46 16.998l78.734 104.295 74.984-99.616v-120.557z\" fill=\"#fbbd00\"><\/path><path d=\"m256 120-36.25 72.5 36.25 72.5c40.041 0 72.5-32.459 72.5-72.5s-32.459-72.5-72.5-72.5z\" fill=\"#e3e7ea\"><\/path><path d=\"m183.5 192.5c0 40.041 32.459 72.5 72.5 72.5v-145c-40.041 0-72.5 32.459-72.5 72.5z\" fill=\"#fff\"><\/path><\/g><\/svg>\t\t\t<\/span>\n\t\t\t\t\t\t\t\t\t<span class=\"elementor-button-text\">Google Haritalar'daki rota planlay\u0131c\u0131s\u0131na<\/span>\n\t\t\t\t\t<\/span>\n\t\t\t\t\t<\/a>\n\t\t\t\t\t\t\t\t<\/div>\n\t\t\t\t<\/div>\n\t\t\t\t\t<\/div>\n\t\t\t\t<\/div>\n\t\t\t\t<\/div>\n\t\t","protected":false},"excerpt":{"rendered":"<p>Sizin i\u00e7in buraday\u0131z L\u00fctfen bizimle telefon veya e-posta yoluyla ileti\u015fime ge\u00e7mekten \u00e7ekinmeyin. Sizin ve sa\u011fl\u0131\u011f\u0131n\u0131z i\u00e7in her zaman yan\u0131n\u0131zday\u0131z! Bizimle konu\u015fun &#8211; size yard\u0131mc\u0131 olabiliriz Herhangi bir sorunuz mu var, tavsiyeye mi ihtiyac\u0131n\u0131z var veya bir \u015fey i\u00e7in \u00f6n sipari\u015f mi vermek istiyorsunuz? \u0130ster telefonla, ister e-postayla veya do\u011frudan yerinde &#8211; sorun de\u011fil! Burada \u015fubelerimizin [&hellip;]<\/p>\n","protected":false},"author":2,"featured_media":0,"parent":0,"menu_order":3,"comment_status":"closed","ping_status":"closed","template":"","meta":{"footnotes":""},"class_list":["post-17361","page","type-page","status-publish","hentry"],"yoast_head":"<!-- This site is optimized with the Yoast SEO plugin v27.2 - https:\/\/yoast.com\/product\/yoast-seo-wordpress\/ -->\n<title>Bize ula\u015f\u0131n - Schyren Apotheke und Apotheke am Schloss<\/title>\n<meta name=\"description\" content=\"Herhangi bir sorunuz var m\u0131, tavsiye ister misiniz veya bir \u015fey \u00f6n sipari\u015f etmek ister misiniz? Bireysel lokasyonlar\u0131m\u0131zla ileti\u015fime ge\u00e7mek i\u00e7in buraya t\u0131klay\u0131n.\" \/>\n<meta name=\"robots\" content=\"index, follow, max-snippet:-1, max-image-preview:large, max-video-preview:-1\" \/>\n<link rel=\"canonical\" href=\"https:\/\/unsere-apo.de\/tr\/bize-ulasin\/\" \/>\n<meta property=\"og:locale\" content=\"tr_TR\" \/>\n<meta property=\"og:type\" content=\"article\" \/>\n<meta property=\"og:title\" content=\"Bize ula\u015f\u0131n - Schyren Apotheke und Apotheke am Schloss\" \/>\n<meta property=\"og:description\" content=\"Herhangi bir sorunuz var m\u0131, tavsiye ister misiniz veya bir \u015fey \u00f6n sipari\u015f etmek ister misiniz? Bireysel lokasyonlar\u0131m\u0131zla ileti\u015fime ge\u00e7mek i\u00e7in buraya t\u0131klay\u0131n.\" \/>\n<meta property=\"og:url\" content=\"https:\/\/unsere-apo.de\/tr\/bize-ulasin\/\" \/>\n<meta property=\"og:site_name\" content=\"Schyren Apotheke und Apotheke am Schloss\" \/>\n<meta property=\"article:modified_time\" content=\"2025-09-12T12:38:56+00:00\" \/>\n<meta property=\"og:image\" content=\"https:\/\/unsere-apo.de\/wp-content\/uploads\/2019\/11\/schyren-apotheke-pfaffenhofen.jpg\" \/>\n\t<meta property=\"og:image:width\" content=\"1920\" \/>\n\t<meta property=\"og:image:height\" content=\"1280\" \/>\n\t<meta property=\"og:image:type\" content=\"image\/jpeg\" \/>\n<meta name=\"twitter:card\" content=\"summary_large_image\" \/>\n<meta name=\"twitter:label1\" content=\"Tahmini okuma s\u00fcresi\" \/>\n\t<meta name=\"twitter:data1\" content=\"1 dakika\" \/>\n<script type=\"application\/ld+json\" class=\"yoast-schema-graph\">{\"@context\":\"https:\/\/schema.org\",\"@graph\":[{\"@type\":\"WebPage\",\"@id\":\"https:\/\/unsere-apo.de\/tr\/bize-ulasin\/\",\"url\":\"https:\/\/unsere-apo.de\/tr\/bize-ulasin\/\",\"name\":\"Bize ula\u015f\u0131n - Schyren Apotheke und Apotheke am Schloss\",\"isPartOf\":{\"@id\":\"https:\/\/unsere-apo.de\/tr\/#website\"},\"primaryImageOfPage\":{\"@id\":\"https:\/\/unsere-apo.de\/tr\/bize-ulasin\/#primaryimage\"},\"image\":{\"@id\":\"https:\/\/unsere-apo.de\/tr\/bize-ulasin\/#primaryimage\"},\"thumbnailUrl\":\"https:\/\/unsere-apo.de\/wp-content\/uploads\/2019\/11\/schyren-apotheke-pfaffenhofen-1024x683.jpg\",\"datePublished\":\"2022-08-23T12:42:16+00:00\",\"dateModified\":\"2025-09-12T12:38:56+00:00\",\"description\":\"Herhangi bir sorunuz var m\u0131, tavsiye ister misiniz veya bir \u015fey \u00f6n sipari\u015f etmek ister misiniz? Bireysel lokasyonlar\u0131m\u0131zla ileti\u015fime ge\u00e7mek i\u00e7in buraya t\u0131klay\u0131n.\",\"breadcrumb\":{\"@id\":\"https:\/\/unsere-apo.de\/tr\/bize-ulasin\/#breadcrumb\"},\"inLanguage\":\"tr\",\"potentialAction\":[{\"@type\":\"ReadAction\",\"target\":[\"https:\/\/unsere-apo.de\/tr\/bize-ulasin\/\"]}]},{\"@type\":\"ImageObject\",\"inLanguage\":\"tr\",\"@id\":\"https:\/\/unsere-apo.de\/tr\/bize-ulasin\/#primaryimage\",\"url\":\"https:\/\/unsere-apo.de\/wp-content\/uploads\/2019\/11\/schyren-apotheke-pfaffenhofen-1024x683.jpg\",\"contentUrl\":\"https:\/\/unsere-apo.de\/wp-content\/uploads\/2019\/11\/schyren-apotheke-pfaffenhofen-1024x683.jpg\"},{\"@type\":\"BreadcrumbList\",\"@id\":\"https:\/\/unsere-apo.de\/tr\/bize-ulasin\/#breadcrumb\",\"itemListElement\":[{\"@type\":\"ListItem\",\"position\":1,\"name\":\"Home\",\"item\":\"https:\/\/unsere-apo.de\/tr\/ana-sayfa\/\"},{\"@type\":\"ListItem\",\"position\":2,\"name\":\"Bize ula\u015f\u0131n\"}]},{\"@type\":\"WebSite\",\"@id\":\"https:\/\/unsere-apo.de\/tr\/#website\",\"url\":\"https:\/\/unsere-apo.de\/tr\/\",\"name\":\"Schyren Apotheke und Apotheke am Schloss\",\"description\":\"Apothekerin Gertrud Elsenberger\",\"publisher\":{\"@id\":\"https:\/\/unsere-apo.de\/tr\/#organization\"},\"potentialAction\":[{\"@type\":\"SearchAction\",\"target\":{\"@type\":\"EntryPoint\",\"urlTemplate\":\"https:\/\/unsere-apo.de\/tr\/?s={search_term_string}\"},\"query-input\":{\"@type\":\"PropertyValueSpecification\",\"valueRequired\":true,\"valueName\":\"search_term_string\"}}],\"inLanguage\":\"tr\"},{\"@type\":\"Organization\",\"@id\":\"https:\/\/unsere-apo.de\/tr\/#organization\",\"name\":\"Schyren Apotheke und Apotheke am Schloss\",\"url\":\"https:\/\/unsere-apo.de\/tr\/\",\"logo\":{\"@type\":\"ImageObject\",\"inLanguage\":\"tr\",\"@id\":\"https:\/\/unsere-apo.de\/tr\/#\/schema\/logo\/image\/\",\"url\":\"https:\/\/unsere-apo.de\/wp-content\/uploads\/2018\/03\/beide-logos-blau-rot.png\",\"contentUrl\":\"https:\/\/unsere-apo.de\/wp-content\/uploads\/2018\/03\/beide-logos-blau-rot.png\",\"width\":800,\"height\":250,\"caption\":\"Schyren Apotheke und Apotheke am Schloss\"},\"image\":{\"@id\":\"https:\/\/unsere-apo.de\/tr\/#\/schema\/logo\/image\/\"}}]}<\/script>\n<!-- \/ Yoast SEO plugin. -->","yoast_head_json":{"title":"Bize ula\u015f\u0131n - Schyren Apotheke und Apotheke am Schloss","description":"Herhangi bir sorunuz var m\u0131, tavsiye ister misiniz veya bir \u015fey \u00f6n sipari\u015f etmek ister misiniz? Bireysel lokasyonlar\u0131m\u0131zla ileti\u015fime ge\u00e7mek i\u00e7in buraya t\u0131klay\u0131n.","robots":{"index":"index","follow":"follow","max-snippet":"max-snippet:-1","max-image-preview":"max-image-preview:large","max-video-preview":"max-video-preview:-1"},"canonical":"https:\/\/unsere-apo.de\/tr\/bize-ulasin\/","og_locale":"tr_TR","og_type":"article","og_title":"Bize ula\u015f\u0131n - Schyren Apotheke und Apotheke am Schloss","og_description":"Herhangi bir sorunuz var m\u0131, tavsiye ister misiniz veya bir \u015fey \u00f6n sipari\u015f etmek ister misiniz? Bireysel lokasyonlar\u0131m\u0131zla ileti\u015fime ge\u00e7mek i\u00e7in buraya t\u0131klay\u0131n.","og_url":"https:\/\/unsere-apo.de\/tr\/bize-ulasin\/","og_site_name":"Schyren Apotheke und Apotheke am Schloss","article_modified_time":"2025-09-12T12:38:56+00:00","og_image":[{"width":1920,"height":1280,"url":"https:\/\/unsere-apo.de\/wp-content\/uploads\/2019\/11\/schyren-apotheke-pfaffenhofen.jpg","type":"image\/jpeg"}],"twitter_card":"summary_large_image","twitter_misc":{"Tahmini okuma s\u00fcresi":"1 dakika"},"schema":{"@context":"https:\/\/schema.org","@graph":[{"@type":"WebPage","@id":"https:\/\/unsere-apo.de\/tr\/bize-ulasin\/","url":"https:\/\/unsere-apo.de\/tr\/bize-ulasin\/","name":"Bize ula\u015f\u0131n - Schyren Apotheke und Apotheke am Schloss","isPartOf":{"@id":"https:\/\/unsere-apo.de\/tr\/#website"},"primaryImageOfPage":{"@id":"https:\/\/unsere-apo.de\/tr\/bize-ulasin\/#primaryimage"},"image":{"@id":"https:\/\/unsere-apo.de\/tr\/bize-ulasin\/#primaryimage"},"thumbnailUrl":"https:\/\/unsere-apo.de\/wp-content\/uploads\/2019\/11\/schyren-apotheke-pfaffenhofen-1024x683.jpg","datePublished":"2022-08-23T12:42:16+00:00","dateModified":"2025-09-12T12:38:56+00:00","description":"Herhangi bir sorunuz var m\u0131, tavsiye ister misiniz veya bir \u015fey \u00f6n sipari\u015f etmek ister misiniz? Bireysel lokasyonlar\u0131m\u0131zla ileti\u015fime ge\u00e7mek i\u00e7in buraya t\u0131klay\u0131n.","breadcrumb":{"@id":"https:\/\/unsere-apo.de\/tr\/bize-ulasin\/#breadcrumb"},"inLanguage":"tr","potentialAction":[{"@type":"ReadAction","target":["https:\/\/unsere-apo.de\/tr\/bize-ulasin\/"]}]},{"@type":"ImageObject","inLanguage":"tr","@id":"https:\/\/unsere-apo.de\/tr\/bize-ulasin\/#primaryimage","url":"https:\/\/unsere-apo.de\/wp-content\/uploads\/2019\/11\/schyren-apotheke-pfaffenhofen-1024x683.jpg","contentUrl":"https:\/\/unsere-apo.de\/wp-content\/uploads\/2019\/11\/schyren-apotheke-pfaffenhofen-1024x683.jpg"},{"@type":"BreadcrumbList","@id":"https:\/\/unsere-apo.de\/tr\/bize-ulasin\/#breadcrumb","itemListElement":[{"@type":"ListItem","position":1,"name":"Home","item":"https:\/\/unsere-apo.de\/tr\/ana-sayfa\/"},{"@type":"ListItem","position":2,"name":"Bize ula\u015f\u0131n"}]},{"@type":"WebSite","@id":"https:\/\/unsere-apo.de\/tr\/#website","url":"https:\/\/unsere-apo.de\/tr\/","name":"Schyren Apotheke und Apotheke am Schloss","description":"Apothekerin Gertrud Elsenberger","publisher":{"@id":"https:\/\/unsere-apo.de\/tr\/#organization"},"potentialAction":[{"@type":"SearchAction","target":{"@type":"EntryPoint","urlTemplate":"https:\/\/unsere-apo.de\/tr\/?s={search_term_string}"},"query-input":{"@type":"PropertyValueSpecification","valueRequired":true,"valueName":"search_term_string"}}],"inLanguage":"tr"},{"@type":"Organization","@id":"https:\/\/unsere-apo.de\/tr\/#organization","name":"Schyren Apotheke und Apotheke am Schloss","url":"https:\/\/unsere-apo.de\/tr\/","logo":{"@type":"ImageObject","inLanguage":"tr","@id":"https:\/\/unsere-apo.de\/tr\/#\/schema\/logo\/image\/","url":"https:\/\/unsere-apo.de\/wp-content\/uploads\/2018\/03\/beide-logos-blau-rot.png","contentUrl":"https:\/\/unsere-apo.de\/wp-content\/uploads\/2018\/03\/beide-logos-blau-rot.png","width":800,"height":250,"caption":"Schyren Apotheke und Apotheke am Schloss"},"image":{"@id":"https:\/\/unsere-apo.de\/tr\/#\/schema\/logo\/image\/"}}]}},"_links":{"self":[{"href":"https:\/\/unsere-apo.de\/tr\/wp-json\/wp\/v2\/pages\/17361","targetHints":{"allow":["GET"]}}],"collection":[{"href":"https:\/\/unsere-apo.de\/tr\/wp-json\/wp\/v2\/pages"}],"about":[{"href":"https:\/\/unsere-apo.de\/tr\/wp-json\/wp\/v2\/types\/page"}],"author":[{"embeddable":true,"href":"https:\/\/unsere-apo.de\/tr\/wp-json\/wp\/v2\/users\/2"}],"replies":[{"embeddable":true,"href":"https:\/\/unsere-apo.de\/tr\/wp-json\/wp\/v2\/comments?post=17361"}],"version-history":[{"count":8,"href":"https:\/\/unsere-apo.de\/tr\/wp-json\/wp\/v2\/pages\/17361\/revisions"}],"predecessor-version":[{"id":17881,"href":"https:\/\/unsere-apo.de\/tr\/wp-json\/wp\/v2\/pages\/17361\/revisions\/17881"}],"wp:attachment":[{"href":"https:\/\/unsere-apo.de\/tr\/wp-json\/wp\/v2\/media?parent=17361"}],"curies":[{"name":"wp","href":"https:\/\/api.w.org\/{rel}","templated":true}]}}