{"id":17388,"date":"2023-08-03T11:23:27","date_gmt":"2023-08-03T09:23:27","guid":{"rendered":"https:\/\/unsere-apo.de\/kuenye\/"},"modified":"2025-08-20T15:24:34","modified_gmt":"2025-08-20T13:24:34","slug":"kuenye","status":"publish","type":"page","link":"https:\/\/unsere-apo.de\/tr\/kuenye\/","title":{"rendered":"K\u00fcnye"},"content":{"rendered":"\t\t<div data-elementor-type=\"wp-page\" data-elementor-id=\"17388\" class=\"elementor elementor-17388 elementor-17\" data-elementor-post-type=\"page\">\n\t\t\t\t<div class=\"elementor-element elementor-element-b7f710b e-flex e-con-boxed e-con e-parent\" data-id=\"b7f710b\" data-element_type=\"container\" data-e-type=\"container\">\n\t\t\t\t\t<div class=\"e-con-inner\">\n\t\t\t\t<div class=\"elementor-element elementor-element-4548930 elementor-widget elementor-widget-text-editor\" data-id=\"4548930\" data-element_type=\"widget\" data-e-type=\"widget\" data-widget_type=\"text-editor.default\">\n\t\t\t\t\t\t\t\t\t<h1>K\u00fcnye<\/h1><p>Gertrud Elsenberger<br>Adolf-Rebl-Stra\u00dfe 40<br>85276 Pfaffenhofen an der Ilm<\/p><p>Ticaret sicili: HRA 170231<br>Sicil mahkemesi: Ingolstadt yerel mahkemesi<\/p><h2>Bize ula\u015f\u0131n<\/h2><p>Telefon: 08441-408460<br>E-posta: pfaffenhofen@unsere-apo.de<\/p><h2>Sat\u0131\u015f vergisi kimli\u011fi<\/h2><p>\u00a7 27 a sat\u0131\u015f vergisi yasas\u0131na g\u00f6re sat\u0131\u015f vergisi kimlik numaras\u0131:<br>DE 130976240<\/p><h2>\u0130\u015f unvan\u0131 ve mesleki d\u00fczenlemeler<\/h2><p>\u0130\u015f unvan\u0131:<br>Eczac\u0131<\/p><p>Yetkili oda:<br>Bayerische Landesapothekerkammer<br>Maria-Theresia-Stra\u00dfe 28<br>81675 M\u00fcnih<\/p><p>\u00d6d\u00fcl verildi\u011fi yer:<br>Almanya<\/p><p>A\u015fa\u011f\u0131daki mesleki d\u00fczenlemeler ge\u00e7erlidir:<\/p><p>Eczac\u0131 y\u00f6netmelikleri<br>adresinde g\u00f6r\u00fclebilir: <a href=\"https:\/\/www.blak.de\/apothekerberufsordnung.html\" target=\"_blank\" rel=\"noopener noreferrer\">https:\/\/www.blak.de\/apothekerberufsordnung.html<\/a><\/p><h2>Editoryal olarak sorumlu<\/h2><p>Gertrud Elsenberger e.K.<br>Adolf-Rebl-Stra\u00dfe 40<br>85276 Pfaffenhofen an der Ilm<\/p><h2>T\u00fcketici uyu\u015fmazl\u0131klar\u0131n\u0131n \u00e7\u00f6z\u00fcm\u00fc\/evrensel tahkim merkezi<\/h2><p>Bir t\u00fcketici hakem heyeti nezdindeki uyu\u015fmazl\u0131k \u00e7\u00f6z\u00fcm i\u015flemlerine kat\u0131lmaya istekli veya y\u00fck\u00fcml\u00fc de\u011filiz.<\/p><h2>Resim kredileri<\/h2><p><a href=\"https:\/\/www.kaloo.de\/\" target=\"_blank\" rel=\"noopener noreferrer\">@KALOO Images, Gregor Eisele<\/a><\/p><p><a href=\"https:\/\/de.freepik.com\/\">@Freepik<\/a><\/p>\t\t\t\t\t\t\t\t<\/div>\n\t\t\t\t\t<\/div>\n\t\t\t\t<\/div>\n\t\t\t\t<\/div>\n\t\t","protected":false},"excerpt":{"rendered":"<p>K\u00fcnye Gertrud ElsenbergerAdolf-Rebl-Stra\u00dfe 4085276 Pfaffenhofen an der Ilm Ticaret sicili: HRA 170231Sicil mahkemesi: Ingolstadt yerel mahkemesi Bize ula\u015f\u0131n Telefon: 08441-408460E-posta: pfaffenhofen@unsere-apo.de Sat\u0131\u015f vergisi kimli\u011fi \u00a7 27 a sat\u0131\u015f vergisi yasas\u0131na g\u00f6re sat\u0131\u015f vergisi kimlik numaras\u0131:DE 130976240 \u0130\u015f unvan\u0131 ve mesleki d\u00fczenlemeler \u0130\u015f unvan\u0131:Eczac\u0131 Yetkili oda:Bayerische LandesapothekerkammerMaria-Theresia-Stra\u00dfe 2881675 M\u00fcnih \u00d6d\u00fcl verildi\u011fi yer:Almanya A\u015fa\u011f\u0131daki mesleki d\u00fczenlemeler ge\u00e7erlidir: [&hellip;]<\/p>\n","protected":false},"author":2,"featured_media":0,"parent":0,"menu_order":11,"comment_status":"closed","ping_status":"closed","template":"","meta":{"footnotes":""},"class_list":["post-17388","page","type-page","status-publish","hentry"],"yoast_head":"<!-- This site is optimized with the Yoast SEO plugin v27.2 - https:\/\/yoast.com\/product\/yoast-seo-wordpress\/ -->\n<title>K\u00fcnye - Schyren Apotheke und Apotheke am Schloss<\/title>\n<meta name=\"description\" content=\"Schyren Apotheke&#039;nin k\u00fcnyesi - yasal olarak gerekli bilgiler, ileti\u015fim bilgileri ve web sitesi operat\u00f6r\u00fc hakk\u0131nda bilgiler.\" \/>\n<meta name=\"robots\" content=\"index, follow, max-snippet:-1, max-image-preview:large, max-video-preview:-1\" \/>\n<link rel=\"canonical\" href=\"https:\/\/unsere-apo.de\/tr\/kuenye\/\" \/>\n<meta property=\"og:locale\" content=\"tr_TR\" \/>\n<meta property=\"og:type\" content=\"article\" \/>\n<meta property=\"og:title\" content=\"K\u00fcnye - Schyren Apotheke und Apotheke am Schloss\" \/>\n<meta property=\"og:description\" content=\"Schyren Apotheke&#039;nin k\u00fcnyesi - yasal olarak gerekli bilgiler, ileti\u015fim bilgileri ve web sitesi operat\u00f6r\u00fc hakk\u0131nda bilgiler.\" \/>\n<meta property=\"og:url\" content=\"https:\/\/unsere-apo.de\/tr\/kuenye\/\" \/>\n<meta property=\"og:site_name\" content=\"Schyren Apotheke und Apotheke am Schloss\" \/>\n<meta property=\"article:modified_time\" content=\"2025-08-20T13:24:34+00:00\" \/>\n<meta name=\"twitter:card\" content=\"summary_large_image\" \/>\n<meta name=\"twitter:label1\" content=\"Tahmini okuma s\u00fcresi\" \/>\n\t<meta name=\"twitter:data1\" content=\"1 dakika\" \/>\n<script type=\"application\/ld+json\" class=\"yoast-schema-graph\">{\"@context\":\"https:\/\/schema.org\",\"@graph\":[{\"@type\":\"WebPage\",\"@id\":\"https:\/\/unsere-apo.de\/tr\/kuenye\/\",\"url\":\"https:\/\/unsere-apo.de\/tr\/kuenye\/\",\"name\":\"K\u00fcnye - Schyren Apotheke und Apotheke am Schloss\",\"isPartOf\":{\"@id\":\"https:\/\/unsere-apo.de\/tr\/#website\"},\"datePublished\":\"2023-08-03T09:23:27+00:00\",\"dateModified\":\"2025-08-20T13:24:34+00:00\",\"description\":\"Schyren Apotheke'nin k\u00fcnyesi - yasal olarak gerekli bilgiler, ileti\u015fim bilgileri ve web sitesi operat\u00f6r\u00fc hakk\u0131nda bilgiler.\",\"breadcrumb\":{\"@id\":\"https:\/\/unsere-apo.de\/tr\/kuenye\/#breadcrumb\"},\"inLanguage\":\"tr\",\"potentialAction\":[{\"@type\":\"ReadAction\",\"target\":[\"https:\/\/unsere-apo.de\/tr\/kuenye\/\"]}]},{\"@type\":\"BreadcrumbList\",\"@id\":\"https:\/\/unsere-apo.de\/tr\/kuenye\/#breadcrumb\",\"itemListElement\":[{\"@type\":\"ListItem\",\"position\":1,\"name\":\"Home\",\"item\":\"https:\/\/unsere-apo.de\/tr\/ana-sayfa\/\"},{\"@type\":\"ListItem\",\"position\":2,\"name\":\"K\u00fcnye\"}]},{\"@type\":\"WebSite\",\"@id\":\"https:\/\/unsere-apo.de\/tr\/#website\",\"url\":\"https:\/\/unsere-apo.de\/tr\/\",\"name\":\"Schyren Apotheke und Apotheke am Schloss\",\"description\":\"Apothekerin Gertrud Elsenberger\",\"publisher\":{\"@id\":\"https:\/\/unsere-apo.de\/tr\/#organization\"},\"potentialAction\":[{\"@type\":\"SearchAction\",\"target\":{\"@type\":\"EntryPoint\",\"urlTemplate\":\"https:\/\/unsere-apo.de\/tr\/?s={search_term_string}\"},\"query-input\":{\"@type\":\"PropertyValueSpecification\",\"valueRequired\":true,\"valueName\":\"search_term_string\"}}],\"inLanguage\":\"tr\"},{\"@type\":\"Organization\",\"@id\":\"https:\/\/unsere-apo.de\/tr\/#organization\",\"name\":\"Schyren Apotheke und Apotheke am Schloss\",\"url\":\"https:\/\/unsere-apo.de\/tr\/\",\"logo\":{\"@type\":\"ImageObject\",\"inLanguage\":\"tr\",\"@id\":\"https:\/\/unsere-apo.de\/tr\/#\/schema\/logo\/image\/\",\"url\":\"https:\/\/unsere-apo.de\/wp-content\/uploads\/2018\/03\/beide-logos-blau-rot.png\",\"contentUrl\":\"https:\/\/unsere-apo.de\/wp-content\/uploads\/2018\/03\/beide-logos-blau-rot.png\",\"width\":800,\"height\":250,\"caption\":\"Schyren Apotheke und Apotheke am Schloss\"},\"image\":{\"@id\":\"https:\/\/unsere-apo.de\/tr\/#\/schema\/logo\/image\/\"}}]}<\/script>\n<!-- \/ Yoast SEO plugin. -->","yoast_head_json":{"title":"K\u00fcnye - Schyren Apotheke und Apotheke am Schloss","description":"Schyren Apotheke'nin k\u00fcnyesi - yasal olarak gerekli bilgiler, ileti\u015fim bilgileri ve web sitesi operat\u00f6r\u00fc hakk\u0131nda bilgiler.","robots":{"index":"index","follow":"follow","max-snippet":"max-snippet:-1","max-image-preview":"max-image-preview:large","max-video-preview":"max-video-preview:-1"},"canonical":"https:\/\/unsere-apo.de\/tr\/kuenye\/","og_locale":"tr_TR","og_type":"article","og_title":"K\u00fcnye - Schyren Apotheke und Apotheke am Schloss","og_description":"Schyren Apotheke'nin k\u00fcnyesi - yasal olarak gerekli bilgiler, ileti\u015fim bilgileri ve web sitesi operat\u00f6r\u00fc hakk\u0131nda bilgiler.","og_url":"https:\/\/unsere-apo.de\/tr\/kuenye\/","og_site_name":"Schyren Apotheke und Apotheke am Schloss","article_modified_time":"2025-08-20T13:24:34+00:00","twitter_card":"summary_large_image","twitter_misc":{"Tahmini okuma s\u00fcresi":"1 dakika"},"schema":{"@context":"https:\/\/schema.org","@graph":[{"@type":"WebPage","@id":"https:\/\/unsere-apo.de\/tr\/kuenye\/","url":"https:\/\/unsere-apo.de\/tr\/kuenye\/","name":"K\u00fcnye - Schyren Apotheke und Apotheke am Schloss","isPartOf":{"@id":"https:\/\/unsere-apo.de\/tr\/#website"},"datePublished":"2023-08-03T09:23:27+00:00","dateModified":"2025-08-20T13:24:34+00:00","description":"Schyren Apotheke'nin k\u00fcnyesi - yasal olarak gerekli bilgiler, ileti\u015fim bilgileri ve web sitesi operat\u00f6r\u00fc hakk\u0131nda bilgiler.","breadcrumb":{"@id":"https:\/\/unsere-apo.de\/tr\/kuenye\/#breadcrumb"},"inLanguage":"tr","potentialAction":[{"@type":"ReadAction","target":["https:\/\/unsere-apo.de\/tr\/kuenye\/"]}]},{"@type":"BreadcrumbList","@id":"https:\/\/unsere-apo.de\/tr\/kuenye\/#breadcrumb","itemListElement":[{"@type":"ListItem","position":1,"name":"Home","item":"https:\/\/unsere-apo.de\/tr\/ana-sayfa\/"},{"@type":"ListItem","position":2,"name":"K\u00fcnye"}]},{"@type":"WebSite","@id":"https:\/\/unsere-apo.de\/tr\/#website","url":"https:\/\/unsere-apo.de\/tr\/","name":"Schyren Apotheke und Apotheke am Schloss","description":"Apothekerin Gertrud Elsenberger","publisher":{"@id":"https:\/\/unsere-apo.de\/tr\/#organization"},"potentialAction":[{"@type":"SearchAction","target":{"@type":"EntryPoint","urlTemplate":"https:\/\/unsere-apo.de\/tr\/?s={search_term_string}"},"query-input":{"@type":"PropertyValueSpecification","valueRequired":true,"valueName":"search_term_string"}}],"inLanguage":"tr"},{"@type":"Organization","@id":"https:\/\/unsere-apo.de\/tr\/#organization","name":"Schyren Apotheke und Apotheke am Schloss","url":"https:\/\/unsere-apo.de\/tr\/","logo":{"@type":"ImageObject","inLanguage":"tr","@id":"https:\/\/unsere-apo.de\/tr\/#\/schema\/logo\/image\/","url":"https:\/\/unsere-apo.de\/wp-content\/uploads\/2018\/03\/beide-logos-blau-rot.png","contentUrl":"https:\/\/unsere-apo.de\/wp-content\/uploads\/2018\/03\/beide-logos-blau-rot.png","width":800,"height":250,"caption":"Schyren Apotheke und Apotheke am Schloss"},"image":{"@id":"https:\/\/unsere-apo.de\/tr\/#\/schema\/logo\/image\/"}}]}},"_links":{"self":[{"href":"https:\/\/unsere-apo.de\/tr\/wp-json\/wp\/v2\/pages\/17388","targetHints":{"allow":["GET"]}}],"collection":[{"href":"https:\/\/unsere-apo.de\/tr\/wp-json\/wp\/v2\/pages"}],"about":[{"href":"https:\/\/unsere-apo.de\/tr\/wp-json\/wp\/v2\/types\/page"}],"author":[{"embeddable":true,"href":"https:\/\/unsere-apo.de\/tr\/wp-json\/wp\/v2\/users\/2"}],"replies":[{"embeddable":true,"href":"https:\/\/unsere-apo.de\/tr\/wp-json\/wp\/v2\/comments?post=17388"}],"version-history":[{"count":3,"href":"https:\/\/unsere-apo.de\/tr\/wp-json\/wp\/v2\/pages\/17388\/revisions"}],"predecessor-version":[{"id":17422,"href":"https:\/\/unsere-apo.de\/tr\/wp-json\/wp\/v2\/pages\/17388\/revisions\/17422"}],"wp:attachment":[{"href":"https:\/\/unsere-apo.de\/tr\/wp-json\/wp\/v2\/media?parent=17388"}],"curies":[{"name":"wp","href":"https:\/\/api.w.org\/{rel}","templated":true}]}}